{"id":26421,"date":"2020-06-16T16:43:47","date_gmt":"2020-06-16T14:43:47","guid":{"rendered":"https:\/\/www.sinfoniavarsovia.org\/sinfonia-varsovia\/community\/franciszek-wybranczyk\/"},"modified":"2026-06-08T13:47:10","modified_gmt":"2026-06-08T11:47:10","slug":"franciszek-wybranczyk","status":"publish","type":"page","link":"https:\/\/www.sinfoniavarsovia.org\/en\/sinfonia-varsovia\/people-affiliated-with-the-orchestra\/franciszek-wybranczyk\/","title":{"rendered":"Franciszek Wybra\u0144czyk"},"content":{"rendered":"<h1><span class=\"header-page-title\">Franciszek Wybra\u0144czyk <\/span><\/h1>\n<p><strong>Born 28 May 1934 in Studzienice, deceased 31 May 2005 in Warsaw. He was a clarinetist and an active member of both the Polish and European music communities, popularizing Polish music abroad. He co-founded and headed the Sinfonia Varsovia orchestra.<\/strong><\/p>\n<p>In 1975 Franciszek Wybra\u0144czyk, a long-time musician of the Polish Radio and Television Orchestra in Warsaw, joined the Polish Chamber Orchestra, which was then considered both at home and abroad to be among the best Polish orchestras. Initially he worked as an assistant and aide to conductor Jerzy Maksymiuk, moving up to the post of orchestra director in 1978.&nbsp;<\/p>\n<blockquote><p>\u201cHis inventive approach to organization and the ease with which he commanded the ensemble brought together things that might otherwise have shattered into exceptional individuals, much like the shapes in a kaleidoscope shatter into colorful beads,\u201d said Jerzy Maksymiuk about Franciszek Wybra\u0144czyk.&nbsp;<\/p><\/blockquote>\n<p>In 1984 he founded, together with Waldemar D\u0105browski, the Sinfonia Varsovia orchestra by expanding the Polish Chamber Orchestra. He became its leader and artistic director. During his many years of work he always ensured that the orchestra maintained artistic integrity. He initiated collaborations with brilliant conductors and solo artists and organized tours which brought the orchestra to the best concert halls in Europe, Japan, and the Americas.<\/p>\n<p>In 2001 he initiated and became the artistic director of the Sinfonia Varsovia to Its City Festival. The event is a prominent feature of Warsaw\u2019s cultural landscape thanks to its high artistic standards and popularity among local concertgoers. The festival continues to live on.<\/p>\n<p>For his contributions to the field of musical culture, he was awarded the Order of Polonia Restituta Commander\u2019s Cross, the Badge of Honor for Service to Warsaw, and the Medal for Merit to Culture \u2013 Gloria Artis (posthumously).<\/p>\n<p>&nbsp;<\/p>\n<h2>\u201cAn Ordinary Extraordinary Man\u201d \u2013 Franciszek Wybra\u0144czyk in the memories of musicians<\/h2>\n<p>&nbsp;<\/p>\n<blockquote><p><em>Francesco \u2013 that is what the world\u2019s most renowned artists called him. To me, he was my clarinet teacher in school, and later a charismatic director and mentor. I often ask Mr. Wybra\u0144czyk in my mind what decision I should make. I consider the years I spent working with this legend to be an invaluable part of my life.<\/em><\/p>\n<p><em>I had known Mr. Wybra\u0144czyk for a long time before I joined the orchestra. He was my clarinet teacher \u2013 he still found time to teach at the school while serving as the director of the Polish Chamber Orchestra and, later, Sinfonia Varsovia. I remember his stories from that time about tours with the orchestra, about magnificent performances that I didn\u2019t even dare to dream of back then. Mr. Wybra\u0144czyk was an excellent teacher, and I \u2013 perhaps not quite a good student (probably because I once got a guinea pig to which I was allergic, and it was hard for me to practice playing a wind instrument). One day he told me: \u201cYou know what, you\u2019re not going to be a clarinetist. Your only chance to become a musician is the double bass.\u201d I broke out in a cold sweat: I wasn\u2019t very interested in that instrument at the time, and there were only two years and a few months left until the university entrance exams. Mr. Wybra\u0144czyk paid no attention to my anxiety and took me to a double bass teacher, who stated that learning to play a completely new instrument \u2013 and a stringed one at that \u2013 in such a short time was impossible. I, however, was determined; I practiced for several or even a dozen or so hours a day, and after about two weeks, I fell in love with the double bass \u2013 a love that continues to this day.<\/em><\/p>\n<p><em>A few years later, when I was in my fourth year of studies, Mr. Wybra\u0144czyk called me and said, \u201cWe\u2019re holding an audition for a double bassist for our orchestra, so why don\u2019t you come and play? I hear you\u2019re a good player.\u201d I took the audition with absolutely no confidence, and \u2013 surprisingly \u2013 I passed. Suddenly, I became a full-fledged, permanent member of Sinfonia Varsovia, which I really couldn\u2019t wrap my head around at the time. I got to play with these outstanding artists: Menuhin, Rostropovich, Penderecki, travel all over the world, and perform on the biggest stages. And Mr. Wybra\u0144czyk became for me not only a professor and mentor, but also \u2013 a director.<\/em><\/p>\n<p><em>A remarkable figure \u2013 a charming gentleman with a gray goatee, always elegant in a suit, and fluent in many languages. His impeccable manners were truly irresistible. He was charming, charismatic, and had a knack for making everyone laugh. The musicians placed great trust in him: they believed that all his artistic and managerial decisions were absolutely the best. An unrivaled authority.<\/em><\/p>\n<p><em>Throughout my life, including the private one, Mr. Wybra\u0144czyk made many decisions that didn\u2019t seem entirely wise to me at first, but they all turned out to be for the best. He was my artistic father, my mentor, my boss \u2013 a man who taught me so much.<\/em><\/p>\n<p style=\"text-align: right;\">\u2013 Janusz Marynowski, Director of Sinfonia Varsovia<\/p>\n<p><em>&nbsp;<\/em><\/p>\n<p><em>They say no one is irreplaceable \u2013 I disagree, Franek is irreplaceable.<\/em><\/p>\n<p><em>I remember Franciszek Wybra\u0144czyk as someone who held the ensemble together \u2013 he was the orchestra\u2019s main pillar. Of course, he could be unpleasant when someone broke basic agreements, violated the rules, or failed to maintain discipline. Nevertheless, he was also understanding and could laugh at himself. To this day, many stories about him circulate in the orchestra. In fact, it was he who, building on the foundation of the Polish Chamber Orchestra, created an institution that continues to grow and operate to this day \u2013 and it is called Sinfonia Varsovia.<\/em><\/p>\n<p style=\"text-align: right;\">\u2013 Jacek Nycz, viola<\/p>\n<p>&nbsp;<\/p>\n<p><em>He respected every musician. He was demanding \u2013 but respectful. He had a gift for persuasion and for convincing others of his point of view.<\/em><\/p>\n<p style=\"text-align: right;\">\u2013 \u0141ukasz Turcza, violin<\/p>\n<\/blockquote>\n<p>&nbsp;<\/p>\n<div class=\"su-row\"><div class=\"su-column su-column-size-1-2\"><div class=\"su-column-inner su-u-clearfix su-u-trim\">\n<p><img loading=\"lazy\" decoding=\"async\" class=\"size-full wp-image-52318\" src=\"https:\/\/www.sinfoniavarsovia.org\/wp-content\/uploads\/2026\/05\/fot.-Ray-Round.jpg\" alt=\"\" width=\"1254\" height=\"1254\" srcset=\"https:\/\/www.sinfoniavarsovia.org\/wp-content\/uploads\/2026\/05\/fot.-Ray-Round.jpg 1254w, https:\/\/www.sinfoniavarsovia.org\/wp-content\/uploads\/2026\/05\/fot.-Ray-Round-500x500.jpg 500w, https:\/\/www.sinfoniavarsovia.org\/wp-content\/uploads\/2026\/05\/fot.-Ray-Round-768x768.jpg 768w\" sizes=\"auto, (max-width: 1254px) 100vw, 1254px\" \/><br \/>\n<span style=\"color: #808080;\"><sup>Polska Orkiestra Kameralna, Londyn, 1979 fot. Roy Round<\/sup><\/span><\/p>\n<\/div><\/div> <div class=\"su-column su-column-size-1-2\"><div class=\"su-column-inner su-u-clearfix su-u-trim\">\n<p><img loading=\"lazy\" decoding=\"async\" class=\"alignnone size-full wp-image-52320\" src=\"https:\/\/www.sinfoniavarsovia.org\/wp-content\/uploads\/2026\/05\/fot.-Piotr-Rogoyski-scaled.jpg\" alt=\"\" width=\"2560\" height=\"2560\" srcset=\"https:\/\/www.sinfoniavarsovia.org\/wp-content\/uploads\/2026\/05\/fot.-Piotr-Rogoyski-scaled.jpg 2560w, https:\/\/www.sinfoniavarsovia.org\/wp-content\/uploads\/2026\/05\/fot.-Piotr-Rogoyski-500x500.jpg 500w, https:\/\/www.sinfoniavarsovia.org\/wp-content\/uploads\/2026\/05\/fot.-Piotr-Rogoyski-768x768.jpg 768w, https:\/\/www.sinfoniavarsovia.org\/wp-content\/uploads\/2026\/05\/fot.-Piotr-Rogoyski-1536x1536.jpg 1536w, https:\/\/www.sinfoniavarsovia.org\/wp-content\/uploads\/2026\/05\/fot.-Piotr-Rogoyski-2048x2048.jpg 2048w\" sizes=\"auto, (max-width: 2560px) 100vw, 2560px\" \/><\/p>\n<p><span style=\"color: #808080;\"><sup>Od lewej: Yehudi Menuhin i Franciszek Wybra\u0144czyk, fot. Piotr Rog\u00f3yski<\/sup><\/span><\/p>\n<\/div><\/div><\/div>\n<blockquote><p>&nbsp;<\/p>\n<p><em>A very well-organized man, devoted to the orchestra. He was with us on the bus and on the plane; at concerts and at rehearsals. He would sit next to us and listen (and, at the same time, check to see if everyone was in good shape). For him, everything had to be 100%.<\/em><\/p>\n<p><em>The director once asked me, while we were on tour, if I played Mozart\u2019s Concerto for Oboe and Orchestra. I replied, \u201cYes, but the festival is in two months, and we\u2019re on the road the whole time. I don\u2019t know when I\u2019ll have time to prepare.\u201d And the director said, \u201cDo you know the score?\u201d \u2013 \u201cI do.\u201d \u2013 \u201cWell then, you\u2019ll play.\u201d And I did play, performing several concerts at a festival in Spain as a soloist.<\/em><\/p>\n<p style=\"text-align: right;\">\u2013 Adam Szl\u0119zak, oboe<\/p>\n<p>&nbsp;<\/p>\n<p><em>He refused to accept that something was impossible. He was a demon for work; everything was perfectly organized from start to finish.<\/em><\/p>\n<p><em>I remember something that happened to us once at an airport in France. We were taking the elevator to another floor, and Mr. Wybra\u0144czyk had his \u201coffice\u201d with him \u2013 a large bag containing a notebook with all his handwritten contacts, a phone, and some old computer. He calmly put his \u201coffice\u201d next to the double bass. In the meantime, the elevator stopped, one man got off, and we continued on. When we reached the exit, it turned out the \u201coffice\u201d was gone. The man who had been with us in the elevator must have taken it. The whole orchestra started running around the airport \u2013 everyone who could was looking for the missing bag. I had never seen Mr. Wybra\u0144czyk so panicked in my life \u2013 he looked as if the whole world had collapsed. Fortunately, by some miracle, the office was found on another floor, and that\u2019s when Mr. Wybra\u0144czyk came back to life \u2013 and from then on, we kept our eyes peeled at all times.<\/em><\/p>\n<p style=\"text-align: right;\">\u2013 Roman Sykta, French horn<\/p>\n<p><em>&nbsp;<\/em><\/p>\n<p><em>For us, the most stressful month every year was April. We were usually abroad at that time, and during the break before a concert or between rehearsals, we would sit in the cafeteria, and Franek would come over with a special notebook where he jotted down his comments. Every year, everyone \u2013 regardless of whether they had been with the orchestra for 5 or 10 years, or whether they were a tutti player or a concertmaster \u2013 had to go through this review of the past year and hear from Franek: \u201cI look forward to seeing you next season.\u201d<\/em><\/p>\n<p><em>Franek once said he wouldn&#8217;t fire anyone from the orchestra. The selection process was very demanding, but if someone passed the probation period and fit in with the ensemble, it was clear they would be playing with us for the long haul.<\/em><\/p>\n<p><em>When I first started out, I wasn\u2019t just a timpanist \u2013 I was also a truck driver, working alongside Janusz Czy\u017cewski and later with Rysiek Dembicki. After a whole night on the road, I had to quickly switch to being a musician and show up for a rehearsal. The rest of the orchestra flew by plane, so they were well-rested, but I was often tired and not fully focused. We were playing Beethoven\u2019s Symphony No. 3 with Menuhin at the time, and at one point, still on the first page of the score, I blundered into a rest. Quite spectacularly, in fact \u2013 the timpani could be heard throughout the hall, and everyone was in stitches. And then I heard a voice from the back: \u201cMr. Kostrzewa, we don\u2019t make mistakes in this orchestra.\u201d I froze, but when I turned around, there was no one there. Franek had a knack for appearing out of nowhere, delivering a punchline, and vanishing. I still remember it to this day, and ever since then, whenever we play the \u201cEroica,\u201d I know that at that point I have to count precisely, because in our orchestra, there are no mistakes.<\/em><\/p>\n<p><em>He was a professor at a music high school and the head of the wind instruments department. He knew all of us from school and later scouted out certain individuals, inviting them to join the orchestra \u2013 at first as guest musicians. I performed my graduation recital the same year as Hanka Turonek; after the recital, he came up to us, congratulated us, and said: \u201cYou must be hired [Ms. Turonek], and I\u2019ll see you in my orchestra too, in a few years [Mr. Kostrzewa]\u201d<\/em><\/p>\n<p style=\"text-align: right;\">\u2013 Piotr Kostrzewa, timpani<\/p>\n<p>&nbsp;<\/p>\n<p><em>A cultured man, a fantastic manager and organizer. A connoisseur of people. A truly remarkable person.<\/em><\/p>\n<p><em>He was very demanding, but he also knew how to appreciate the musicians. After every concert, he would come over to us, shake everyone\u2019s hand, thank us, and congratulate us.<\/em><\/p>\n<p><em>Nothing was impossible for him \u2013 he had a talent that allowed him to handle anything. Even if something had to be organized on short notice, 15 minutes was all he needed to find a solution. There were times when, for example, a flight was canceled and we had a concert scheduled. He could handle it so that we made it right on time, and we walked onto the stage almost with a police escort.<\/em><\/p>\n<p style=\"text-align: right;\">\u2013 Pawe\u0142 Szczepa\u0144ski, French horn, staff member of Sinfonia Varsovia, former member of the orchestra<\/p>\n<\/blockquote>\n<p>&nbsp;<\/p>\n<div class=\"su-row\"><div class=\"su-column su-column-size-1-2\"><div class=\"su-column-inner su-u-clearfix su-u-trim\">\n<p><img loading=\"lazy\" decoding=\"async\" class=\"alignnone size-full wp-image-52329\" src=\"https:\/\/www.sinfoniavarsovia.org\/wp-content\/uploads\/2026\/05\/fot.-Janusz-Marynowski-3.jpg\" alt=\"\" width=\"510\" height=\"510\" srcset=\"https:\/\/www.sinfoniavarsovia.org\/wp-content\/uploads\/2026\/05\/fot.-Janusz-Marynowski-3.jpg 510w, https:\/\/www.sinfoniavarsovia.org\/wp-content\/uploads\/2026\/05\/fot.-Janusz-Marynowski-3-500x500.jpg 500w\" sizes=\"auto, (max-width: 510px) 100vw, 510px\" \/><br \/>\n<span style=\"color: #808080;\"><sup>Eleanor Hope i Franciszek Wybra\u0144czyk, fot. Janusz Marynowski<\/sup><\/span><\/p>\n<\/div><\/div> <div class=\"su-column su-column-size-1-2\"><div class=\"su-column-inner su-u-clearfix su-u-trim\">\n<p><img loading=\"lazy\" decoding=\"async\" class=\"alignnone size-full wp-image-52337\" src=\"https:\/\/www.sinfoniavarsovia.org\/wp-content\/uploads\/2026\/05\/fot.-Janusz-Marynowski-2.jpg\" alt=\"\" width=\"824\" height=\"824\" srcset=\"https:\/\/www.sinfoniavarsovia.org\/wp-content\/uploads\/2026\/05\/fot.-Janusz-Marynowski-2.jpg 824w, https:\/\/www.sinfoniavarsovia.org\/wp-content\/uploads\/2026\/05\/fot.-Janusz-Marynowski-2-500x500.jpg 500w, https:\/\/www.sinfoniavarsovia.org\/wp-content\/uploads\/2026\/05\/fot.-Janusz-Marynowski-2-768x768.jpg 768w\" sizes=\"auto, (max-width: 824px) 100vw, 824px\" \/><span style=\"color: #808080;\"><sup>Od lewej: Franciszek Wybra\u0144czyk, Danuta Lutos\u0142awska, Witold Lutos\u0142awski, fot. Janusz Marynowski<\/sup><\/span><\/p>\n<\/div><\/div><\/div>\n<blockquote><p>&nbsp;<\/p>\n<p><em>He was a gentleman; he took special care of the women in the band. He would often come up to us and ask, \u201cHow are you feeling? How\u2019s it going for you in the orchestra?\u201d Once, on a day off, Ania Gotartowska and I went out to lunch together. We ran into Frank at the restaurant, and he immediately offered us dessert and coffee.<\/em><\/p>\n<p><em>He knew me from back when I attended the Music High School on Krasi\u0144skiego Street; he taught clarinet there and would come to the midterm exams. When I was a student at the Academy of Music \u2013 I was in my third year at the time and had just returned from a competition in Italy where I had received an honorable mention \u2013 he called me and said: \u201cHello, this is Wybra\u0144czyk. Would you like to try out for our orchestra?\u201d I tried out, and that\u2019s how it stayed.<\/em><\/p>\n<p><em>In the early 1990s, Sinfonia Varsovia\u2019s concerts were frequently broadcast on television. One time I was sitting at home, watching our concert with my then-fianc\u00e9, when suddenly the landline rang (after all, cell phones didn\u2019t exist back then). I answered, and it was Franek: \u201cMs.<\/em> <em>Turonek, are you watching TV? They\u2019re showing you right now! Oh, now I can see your fingers \u2013 those are your pink nails.\u201d <\/em><em>And so we had a nice little chat.<\/em><\/p>\n<p><em>One time, I missed my flight to France. The orchestra\u2019s office was located at the Studio Art Centre at the time, and we were just about to leave for Nantes in two groups: most of the orchestra had flown to Paris two or three days earlier for a recording session, and I was supposed to join them later along with a few others. Wybra\u0144czyk appointed me as the group leader and told me to pick up tickets for everyone from the office. However, Marek \u017bwirdowski, who happened to be at the Studio Art Centre, called me to say he could pick up the tickets right away and was heading to the UMFC [The Chopin University of Music] afterward \u2013 I live nearby, so I went down to see him for a moment and picked up my ticket. Marek appointed himself as the group leader \u2013 fortunately, as it turned out later.<\/em><\/p>\n<p><em>The next day, our flight to Paris was scheduled for an ungodly hour \u2013 6:00 or 7:00 in the morning. I had a small child at the time and hadn\u2019t traveled in a long while, so I accidentally set the alarm an hour too late. When I arrived at the airport, the gate had been already closed. Terrified, I called Franciszek and explained the whole situation. And he \u2013 unlike him \u2013 with a fatherly calm in his voice: \u201cMs. Turonek, please take a later flight; we\u2019ll wait for you.\u201d I managed to rebook my ticket at no extra cost; I even had time to go home, take a shower, and eat breakfast. And in Paris, everyone had to wait for me for about two hours before leaving for Nantes.<\/em><\/p>\n<p style=\"text-align: right;\">\u2013 Hanna Turonek, flute<\/p>\n<p>&nbsp;<\/p>\n<p><em>He was very charismatic and had a great deal of charm. Though, of course, he could also be strict at times. He always sensed exactly what the orchestra needed at any given moment \u2013 whether it was praise or some other form of encouragement.<\/em><\/p>\n<p><em>He cared deeply about the orchestra\u2019s performance. He often said that people \u201clisten\u201d with their eyes as well, and he was very particular about maintaining proper posture at the instrument. He frequently attended rehearsals without neglecting his other duties. We performed almost all over the world. Even on a beach in Mexico. Or on board a flying plane with pianist Justus Frantz (the piano was there too, of course, secured to the floor), or on the open sea on a ship, with the biggest stars of the music world. The director wasn\u2019t afraid of such challenges, which allowed us to establish contacts and collaborate with the world\u2019s leading agencies, perform in the most prestigious concert halls with the finest conductors and top soloists.<\/em><\/p>\n<p><em>He also had an incredible knack for connecting with people \u2013 whether it was the cashier or top executives. I remember once when we were on a cruise with the orchestra, and there was a well-known manager there. I saw him throw his arms around Franek\u2019s neck, shouting, \u201cFrancesco!\u201d People simply adored him. He was the kind of person who instantly connected with everyone.<\/em><\/p>\n<p><em>Back then, we rarely played in Poland; we mainly performed abroad. There were times, however, when we would come back from a tour for just one day \u2013 flying in at 5:00 AM to play that evening at the Warsaw Autumn festival, and then flying right out the next day to continue the tour. For him, nothing was impossible; that word didn\u2019t exist in his vocabulary. He could handle anything, always looking for solutions right away \u2013 that was just his nature. [\u2026] As the director, he always stayed until the very end to make sure everything was taken care of.<\/em><\/p>\n<p><em>When I went on my first tour with the orchestra \u2013 a six-week trip \u2013 I was really nervous about it. Back then, there were no suitcases with wheels \u2013 you just had to carry a huge bag in your hands. We arrived at the hotel, and I was the last one to climb the stairs; my room was on the fourth floor. Behind me was only the director, who joined us after he had taken care of everything at the front desk. He saw me with that suitcase \u2013 I wanted to manage on my own, but he took it from me and carried it right up to my door. He simply cared for people. We were like his children \u2013 that orchestra was his child.<\/em><\/p>\n<p><em>I had the impression that he was simply everywhere. For example, the director would attend concerts at the Academy to listen to young musicians. That\u2019s how my collaboration with the ensemble began. He came up to me after a performance to congratulate me and, while he was at it, ask if I\u2019d like to play in the orchestra. Of course, after that I was evaluated for a long time, tested in various situations and through auditions. The director was simply conducting that initial assessment: who fits into the ensemble, who plays with the kind of energy that would suit Maksymiuk. Sometimes I miss him on a personal level. I think to myself that, in a way, it\u2019s thanks to him that I ended up in this orchestra and that my life turned out the way it did.<\/em><\/p>\n<p><em>Once, while we were on tour, St. Nicholas Day happened to fall during that time. There weren\u2019t many of us women in the orchestra then. And all the girls received a little scarf as a gift. I think it was the director\u2019s idea. Another time, he called us \u2013 all the girls \u2013 to come on stage during the intermission for a photo with Menuhin. A few days later, December 6th rolled around again, and we all received those photos, developed and framed. And Menuhin wrote something different to each girl on that photo. The director organized it for us, and now we have such a beautiful keepsake.<\/em><\/p>\n<p><em>When we worked with maestro Maksymiuk \u2013 both in the Polish Chamber Orchestra and later, for example, during long tours \u2013 all sorts of things would happen. The maestro has quite a temper, of course, so sometimes he would simply get upset during rehearsals. And it was usually director Wybra\u0144czyk who calmed him down. More than once, we could see through the window how the maestro was pacing back and forth in the room, speaking animatedly, while the director calmly followed him and soothed his emotions. Calming Maksymiuk down was the ultimate test \u2013 he was able to do it; he had the gift of a diplomat, a mediator.<\/em><\/p>\n<p style=\"text-align: right;\">\u2013 Anna Gotartowska, violin<\/p>\n<p>&nbsp;<\/p>\n<p><em>I first met Mr. Franciszek Wybra\u0144czyk as an outstanding clarinetist, as that was the role in which he began his collaboration with the Polish Chamber Orchestra after returning from a contract in Lebanon. I joined the ensemble led by maestro Jerzy Maksymiuk as a student in the early 1970s. At that time, we had no idea that someone like Mr. Wybra\u0144czyk would join the orchestra. Aware of his talents, Stefan Sutkowski, then director of the Warsaw Chamber Opera, offered Mr. Wybra\u0144czyk the opportunity to take on the managerial leadership of the Polish Chamber Orchestra. Mr. Wybra\u0144czyk proved to be outstanding in this role.<\/em><\/p>\n<p><em>He had a favorite French saying: \u201corganisation.\u201d He had that organization all figured out in his head. If it weren\u2019t for that, I don\u2019t know if the orchestra would have achieved such results at all, or if Sinfonia Varsovia would ever have been founded. Sinfonia Varsovia was his child. He strove to ensure that the orchestra had its own home and was a national institution, under the patronage of the Ministry of Culture.<\/em><\/p>\n<p><em>He had an excellent rapport with conductors and soloists alike, as well as with directors of artistic agencies around the world. <\/em><em>To them, he was simply \u201cFrancesco.\u201d<\/em><\/p>\n<p><em>There was a story going around at the Studio Art Centre that whenever Mr. Wybra\u0144czyk was in the thick of his work and needed to call home, he would dial the number and start the conversation with, \u201cWandzia? This is Wybra\u0144czyk.\u201d He was calling his wife, yet even to her he spoke in such a formal manner.<\/em><\/p>\n<p><em>In the Polish Chamber Orchestra, an addendum to the contract was the so-called \u201cconstitution\u201d drafted by Franciszek Wybra\u0144czyk, which outlined the rights and responsibilities of the musicians. For example, we weren\u2019t allowed to be late, attention was paid to concert attire, and we couldn\u2019t forget our sheet music (though, of course, various situations did arise). After a short time, we could truly be held up as a model of punctuality and individual preparation for rehearsals. This also had an impact on the playing itself \u2013 great attention to detail and precision.<\/em><\/p>\n<p><em>Francesco was always very elegant \u2013 a tie, a white shirt, a jacket. Even when we traveled to places where it was sweltering, he looked impeccable. He enjoyed good food, liked to have a glass of wine now and then, and loved to joke around with us.<\/em><\/p>\n<p><em>He was very devoted to the orchestra \u2013 it was the apple of his eye.<\/em><\/p>\n<p><em>An ordinary extraordinary man.<\/em><\/p>\n<p style=\"text-align: right;\">\u2013 Grzegorz Koz\u0142owski, violin, former orchestra musician<\/p>\n<\/blockquote>\n<p>&nbsp;<\/p>\n<div class=\"su-row\"><div class=\"su-column su-column-size-1-2\"><div class=\"su-column-inner su-u-clearfix su-u-trim\">\n<p><img loading=\"lazy\" decoding=\"async\" class=\"alignnone size-full wp-image-52333\" src=\"https:\/\/www.sinfoniavarsovia.org\/wp-content\/uploads\/2026\/05\/Z-archiwum-Anny-Gotartowskiej-2-1.jpg\" alt=\"\" width=\"1780\" height=\"1780\" srcset=\"https:\/\/www.sinfoniavarsovia.org\/wp-content\/uploads\/2026\/05\/Z-archiwum-Anny-Gotartowskiej-2-1.jpg 1780w, https:\/\/www.sinfoniavarsovia.org\/wp-content\/uploads\/2026\/05\/Z-archiwum-Anny-Gotartowskiej-2-1-500x500.jpg 500w, https:\/\/www.sinfoniavarsovia.org\/wp-content\/uploads\/2026\/05\/Z-archiwum-Anny-Gotartowskiej-2-1-768x768.jpg 768w, https:\/\/www.sinfoniavarsovia.org\/wp-content\/uploads\/2026\/05\/Z-archiwum-Anny-Gotartowskiej-2-1-1536x1536.jpg 1536w\" sizes=\"auto, (max-width: 1780px) 100vw, 1780px\" \/><br \/>\n<span style=\"color: #808080;\"><sup>Yehudi Menuhin i Franciszek Wybra\u0144czyk wraz z muzyczkami Sinfonii Varsovii, z archiwum Anny Gotartowskiej<\/sup><\/span><\/p>\n<\/div><\/div> <div class=\"su-column su-column-size-1-2\"><div class=\"su-column-inner su-u-clearfix su-u-trim\">\n<p><img loading=\"lazy\" decoding=\"async\" class=\"alignnone size-full wp-image-52335\" src=\"https:\/\/www.sinfoniavarsovia.org\/wp-content\/uploads\/2026\/05\/Z-archiwum-Anny-Gotartowskiej-4.jpg\" alt=\"\" width=\"1662\" height=\"1662\" srcset=\"https:\/\/www.sinfoniavarsovia.org\/wp-content\/uploads\/2026\/05\/Z-archiwum-Anny-Gotartowskiej-4.jpg 1662w, https:\/\/www.sinfoniavarsovia.org\/wp-content\/uploads\/2026\/05\/Z-archiwum-Anny-Gotartowskiej-4-500x500.jpg 500w, https:\/\/www.sinfoniavarsovia.org\/wp-content\/uploads\/2026\/05\/Z-archiwum-Anny-Gotartowskiej-4-768x768.jpg 768w, https:\/\/www.sinfoniavarsovia.org\/wp-content\/uploads\/2026\/05\/Z-archiwum-Anny-Gotartowskiej-4-1536x1536.jpg 1536w\" sizes=\"auto, (max-width: 1662px) 100vw, 1662px\" \/><span style=\"color: #808080;\"><sup>Franciszek Wybra\u0144czyk wraz z muzykami Sinfonii Varsovii, z archiwum Anny Gotartowskiej<\/sup><\/span><\/p>\n<\/div><\/div><\/div>\n","protected":false},"excerpt":{"rendered":"<p>Franciszek Wybra\u0144czyk Born 28 May 1934 in Studzienice, deceased 31 May 2005 in Warsaw. He was a clarinetist and an active member of both the Polish and European music communities, popularizing Polish music abroad. He co-founded and headed the Sinfonia Varsovia orchestra. In 1975 Franciszek Wybra\u0144czyk, a long-time musician of the Polish Radio and Television [&hellip;]<\/p>\n","protected":false},"author":2,"featured_media":26235,"parent":26402,"menu_order":147,"comment_status":"closed","ping_status":"closed","template":"page-master-page.php","meta":{"_acf_changed":false,"ngg_post_thumbnail":0,"footnotes":""},"class_list":["post-26421","page","type-page","status-publish","has-post-thumbnail","hentry"],"acf":[],"yoast_head":"<!-- This site is optimized with the Yoast SEO plugin v28.4 - https:\/\/yoast.com\/product\/yoast-seo-wordpress\/ -->\n<title>Franciszek Wybra\u0144czyk - Sinfonia Varsovia<\/title>\n<meta name=\"robots\" content=\"index, follow, max-snippet:-1, max-image-preview:large, max-video-preview:-1\" \/>\n<link rel=\"canonical\" href=\"https:\/\/www.sinfoniavarsovia.org\/en\/sinfonia-varsovia\/people-affiliated-with-the-orchestra\/franciszek-wybranczyk\/\" \/>\n<meta property=\"og:locale\" content=\"en_US\" \/>\n<meta property=\"og:type\" content=\"article\" \/>\n<meta property=\"og:title\" content=\"Franciszek Wybra\u0144czyk - Sinfonia Varsovia\" \/>\n<meta property=\"og:description\" content=\"Franciszek Wybra\u0144czyk Born 28 May 1934 in Studzienice, deceased 31 May 2005 in Warsaw. He was a clarinetist and an active member of both the Polish and European music communities, popularizing Polish music abroad. He co-founded and headed the Sinfonia Varsovia orchestra. In 1975 Franciszek Wybra\u0144czyk, a long-time musician of the Polish Radio and Television [&hellip;]\" \/>\n<meta property=\"og:url\" content=\"https:\/\/www.sinfoniavarsovia.org\/en\/sinfonia-varsovia\/people-affiliated-with-the-orchestra\/franciszek-wybranczyk\/\" \/>\n<meta property=\"og:site_name\" content=\"Sinfonia Varsovia\" \/>\n<meta property=\"article:modified_time\" content=\"2026-06-08T11:47:10+00:00\" \/>\n<meta property=\"og:image\" content=\"https:\/\/www.sinfoniavarsovia.org\/wp-content\/uploads\/2020\/06\/Franciszek-Wybra\u0144czyk_Andrzej-M\u00f3wczan_kwadrat.jpg\" \/>\n\t<meta property=\"og:image:width\" content=\"1194\" \/>\n\t<meta property=\"og:image:height\" content=\"1194\" \/>\n\t<meta property=\"og:image:type\" content=\"image\/jpeg\" \/>\n<meta name=\"twitter:card\" content=\"summary_large_image\" \/>\n<meta name=\"twitter:label1\" content=\"Est. reading time\" \/>\n\t<meta name=\"twitter:data1\" content=\"24 minutes\" \/>\n<script type=\"application\/ld+json\" class=\"yoast-schema-graph\">{\"@context\":\"https:\\\/\\\/schema.org\",\"@graph\":[{\"@type\":\"WebPage\",\"@id\":\"https:\\\/\\\/www.sinfoniavarsovia.org\\\/en\\\/sinfonia-varsovia\\\/people-affiliated-with-the-orchestra\\\/franciszek-wybranczyk\\\/\",\"url\":\"https:\\\/\\\/www.sinfoniavarsovia.org\\\/en\\\/sinfonia-varsovia\\\/people-affiliated-with-the-orchestra\\\/franciszek-wybranczyk\\\/\",\"name\":\"Franciszek Wybra\u0144czyk - Sinfonia Varsovia\",\"isPartOf\":{\"@id\":\"https:\\\/\\\/www.sinfoniavarsovia.org\\\/en\\\/#website\"},\"primaryImageOfPage\":{\"@id\":\"https:\\\/\\\/www.sinfoniavarsovia.org\\\/en\\\/sinfonia-varsovia\\\/people-affiliated-with-the-orchestra\\\/franciszek-wybranczyk\\\/#primaryimage\"},\"image\":{\"@id\":\"https:\\\/\\\/www.sinfoniavarsovia.org\\\/en\\\/sinfonia-varsovia\\\/people-affiliated-with-the-orchestra\\\/franciszek-wybranczyk\\\/#primaryimage\"},\"thumbnailUrl\":\"https:\\\/\\\/www.sinfoniavarsovia.org\\\/wp-content\\\/uploads\\\/2020\\\/06\\\/Franciszek-Wybra\u0144czyk_Andrzej-M\u00f3wczan_kwadrat.jpg\",\"datePublished\":\"2020-06-16T14:43:47+00:00\",\"dateModified\":\"2026-06-08T11:47:10+00:00\",\"breadcrumb\":{\"@id\":\"https:\\\/\\\/www.sinfoniavarsovia.org\\\/en\\\/sinfonia-varsovia\\\/people-affiliated-with-the-orchestra\\\/franciszek-wybranczyk\\\/#breadcrumb\"},\"inLanguage\":\"en-US\",\"potentialAction\":[{\"@type\":\"ReadAction\",\"target\":[\"https:\\\/\\\/www.sinfoniavarsovia.org\\\/en\\\/sinfonia-varsovia\\\/people-affiliated-with-the-orchestra\\\/franciszek-wybranczyk\\\/\"]}]},{\"@type\":\"ImageObject\",\"inLanguage\":\"en-US\",\"@id\":\"https:\\\/\\\/www.sinfoniavarsovia.org\\\/en\\\/sinfonia-varsovia\\\/people-affiliated-with-the-orchestra\\\/franciszek-wybranczyk\\\/#primaryimage\",\"url\":\"https:\\\/\\\/www.sinfoniavarsovia.org\\\/wp-content\\\/uploads\\\/2020\\\/06\\\/Franciszek-Wybra\u0144czyk_Andrzej-M\u00f3wczan_kwadrat.jpg\",\"contentUrl\":\"https:\\\/\\\/www.sinfoniavarsovia.org\\\/wp-content\\\/uploads\\\/2020\\\/06\\\/Franciszek-Wybra\u0144czyk_Andrzej-M\u00f3wczan_kwadrat.jpg\",\"width\":1194,\"height\":1194},{\"@type\":\"BreadcrumbList\",\"@id\":\"https:\\\/\\\/www.sinfoniavarsovia.org\\\/en\\\/sinfonia-varsovia\\\/people-affiliated-with-the-orchestra\\\/franciszek-wybranczyk\\\/#breadcrumb\",\"itemListElement\":[{\"@type\":\"ListItem\",\"position\":1,\"name\":\"Strona g\u0142\u00f3wna\",\"item\":\"https:\\\/\\\/www.sinfoniavarsovia.org\\\/en\\\/\"},{\"@type\":\"ListItem\",\"position\":2,\"name\":\"Sinfonia Varsovia\",\"item\":\"https:\\\/\\\/www.sinfoniavarsovia.org\\\/en\\\/sinfonia-varsovia\\\/\"},{\"@type\":\"ListItem\",\"position\":3,\"name\":\"People affiliated with the orchestra\",\"item\":\"https:\\\/\\\/www.sinfoniavarsovia.org\\\/en\\\/sinfonia-varsovia\\\/people-affiliated-with-the-orchestra\\\/\"},{\"@type\":\"ListItem\",\"position\":4,\"name\":\"Franciszek Wybra\u0144czyk\"}]},{\"@type\":\"WebSite\",\"@id\":\"https:\\\/\\\/www.sinfoniavarsovia.org\\\/en\\\/#website\",\"url\":\"https:\\\/\\\/www.sinfoniavarsovia.org\\\/en\\\/\",\"name\":\"Sinfonia Varsovia\",\"description\":\"\",\"potentialAction\":[{\"@type\":\"SearchAction\",\"target\":{\"@type\":\"EntryPoint\",\"urlTemplate\":\"https:\\\/\\\/www.sinfoniavarsovia.org\\\/en\\\/?s={search_term_string}\"},\"query-input\":{\"@type\":\"PropertyValueSpecification\",\"valueRequired\":true,\"valueName\":\"search_term_string\"}}],\"inLanguage\":\"en-US\"}]}<\/script>\n<!-- \/ Yoast SEO plugin. -->","yoast_head_json":{"title":"Franciszek Wybra\u0144czyk - Sinfonia Varsovia","robots":{"index":"index","follow":"follow","max-snippet":"max-snippet:-1","max-image-preview":"max-image-preview:large","max-video-preview":"max-video-preview:-1"},"canonical":"https:\/\/www.sinfoniavarsovia.org\/en\/sinfonia-varsovia\/people-affiliated-with-the-orchestra\/franciszek-wybranczyk\/","og_locale":"en_US","og_type":"article","og_title":"Franciszek Wybra\u0144czyk - Sinfonia Varsovia","og_description":"Franciszek Wybra\u0144czyk Born 28 May 1934 in Studzienice, deceased 31 May 2005 in Warsaw. He was a clarinetist and an active member of both the Polish and European music communities, popularizing Polish music abroad. He co-founded and headed the Sinfonia Varsovia orchestra. In 1975 Franciszek Wybra\u0144czyk, a long-time musician of the Polish Radio and Television [&hellip;]","og_url":"https:\/\/www.sinfoniavarsovia.org\/en\/sinfonia-varsovia\/people-affiliated-with-the-orchestra\/franciszek-wybranczyk\/","og_site_name":"Sinfonia Varsovia","article_modified_time":"2026-06-08T11:47:10+00:00","og_image":[{"width":1194,"height":1194,"url":"https:\/\/www.sinfoniavarsovia.org\/wp-content\/uploads\/2020\/06\/Franciszek-Wybra\u0144czyk_Andrzej-M\u00f3wczan_kwadrat.jpg","type":"image\/jpeg"}],"twitter_card":"summary_large_image","twitter_misc":{"Est. reading time":"24 minutes"},"schema":{"@context":"https:\/\/schema.org","@graph":[{"@type":"WebPage","@id":"https:\/\/www.sinfoniavarsovia.org\/en\/sinfonia-varsovia\/people-affiliated-with-the-orchestra\/franciszek-wybranczyk\/","url":"https:\/\/www.sinfoniavarsovia.org\/en\/sinfonia-varsovia\/people-affiliated-with-the-orchestra\/franciszek-wybranczyk\/","name":"Franciszek Wybra\u0144czyk - Sinfonia Varsovia","isPartOf":{"@id":"https:\/\/www.sinfoniavarsovia.org\/en\/#website"},"primaryImageOfPage":{"@id":"https:\/\/www.sinfoniavarsovia.org\/en\/sinfonia-varsovia\/people-affiliated-with-the-orchestra\/franciszek-wybranczyk\/#primaryimage"},"image":{"@id":"https:\/\/www.sinfoniavarsovia.org\/en\/sinfonia-varsovia\/people-affiliated-with-the-orchestra\/franciszek-wybranczyk\/#primaryimage"},"thumbnailUrl":"https:\/\/www.sinfoniavarsovia.org\/wp-content\/uploads\/2020\/06\/Franciszek-Wybra\u0144czyk_Andrzej-M\u00f3wczan_kwadrat.jpg","datePublished":"2020-06-16T14:43:47+00:00","dateModified":"2026-06-08T11:47:10+00:00","breadcrumb":{"@id":"https:\/\/www.sinfoniavarsovia.org\/en\/sinfonia-varsovia\/people-affiliated-with-the-orchestra\/franciszek-wybranczyk\/#breadcrumb"},"inLanguage":"en-US","potentialAction":[{"@type":"ReadAction","target":["https:\/\/www.sinfoniavarsovia.org\/en\/sinfonia-varsovia\/people-affiliated-with-the-orchestra\/franciszek-wybranczyk\/"]}]},{"@type":"ImageObject","inLanguage":"en-US","@id":"https:\/\/www.sinfoniavarsovia.org\/en\/sinfonia-varsovia\/people-affiliated-with-the-orchestra\/franciszek-wybranczyk\/#primaryimage","url":"https:\/\/www.sinfoniavarsovia.org\/wp-content\/uploads\/2020\/06\/Franciszek-Wybra\u0144czyk_Andrzej-M\u00f3wczan_kwadrat.jpg","contentUrl":"https:\/\/www.sinfoniavarsovia.org\/wp-content\/uploads\/2020\/06\/Franciszek-Wybra\u0144czyk_Andrzej-M\u00f3wczan_kwadrat.jpg","width":1194,"height":1194},{"@type":"BreadcrumbList","@id":"https:\/\/www.sinfoniavarsovia.org\/en\/sinfonia-varsovia\/people-affiliated-with-the-orchestra\/franciszek-wybranczyk\/#breadcrumb","itemListElement":[{"@type":"ListItem","position":1,"name":"Strona g\u0142\u00f3wna","item":"https:\/\/www.sinfoniavarsovia.org\/en\/"},{"@type":"ListItem","position":2,"name":"Sinfonia Varsovia","item":"https:\/\/www.sinfoniavarsovia.org\/en\/sinfonia-varsovia\/"},{"@type":"ListItem","position":3,"name":"People affiliated with the orchestra","item":"https:\/\/www.sinfoniavarsovia.org\/en\/sinfonia-varsovia\/people-affiliated-with-the-orchestra\/"},{"@type":"ListItem","position":4,"name":"Franciszek Wybra\u0144czyk"}]},{"@type":"WebSite","@id":"https:\/\/www.sinfoniavarsovia.org\/en\/#website","url":"https:\/\/www.sinfoniavarsovia.org\/en\/","name":"Sinfonia Varsovia","description":"","potentialAction":[{"@type":"SearchAction","target":{"@type":"EntryPoint","urlTemplate":"https:\/\/www.sinfoniavarsovia.org\/en\/?s={search_term_string}"},"query-input":{"@type":"PropertyValueSpecification","valueRequired":true,"valueName":"search_term_string"}}],"inLanguage":"en-US"}]}},"_links":{"self":[{"href":"https:\/\/www.sinfoniavarsovia.org\/en\/wp-json\/wp\/v2\/pages\/26421","targetHints":{"allow":["GET"]}}],"collection":[{"href":"https:\/\/www.sinfoniavarsovia.org\/en\/wp-json\/wp\/v2\/pages"}],"about":[{"href":"https:\/\/www.sinfoniavarsovia.org\/en\/wp-json\/wp\/v2\/types\/page"}],"author":[{"embeddable":true,"href":"https:\/\/www.sinfoniavarsovia.org\/en\/wp-json\/wp\/v2\/users\/2"}],"replies":[{"embeddable":true,"href":"https:\/\/www.sinfoniavarsovia.org\/en\/wp-json\/wp\/v2\/comments?post=26421"}],"version-history":[{"count":2,"href":"https:\/\/www.sinfoniavarsovia.org\/en\/wp-json\/wp\/v2\/pages\/26421\/revisions"}],"predecessor-version":[{"id":52430,"href":"https:\/\/www.sinfoniavarsovia.org\/en\/wp-json\/wp\/v2\/pages\/26421\/revisions\/52430"}],"up":[{"embeddable":true,"href":"https:\/\/www.sinfoniavarsovia.org\/en\/wp-json\/wp\/v2\/pages\/26402"}],"wp:featuredmedia":[{"embeddable":true,"href":"https:\/\/www.sinfoniavarsovia.org\/en\/wp-json\/wp\/v2\/media\/26235"}],"wp:attachment":[{"href":"https:\/\/www.sinfoniavarsovia.org\/en\/wp-json\/wp\/v2\/media?parent=26421"}],"curies":[{"name":"wp","href":"https:\/\/api.w.org\/{rel}","templated":true}]}}